{"id":4086,"date":"2023-08-01T11:44:46","date_gmt":"2023-08-01T11:44:46","guid":{"rendered":"https:\/\/www.cacabelos.org\/ayuntamiento\/?page_id=4086"},"modified":"2023-10-03T07:52:07","modified_gmt":"2023-10-03T07:52:07","slug":"patrimonio-arqueologico","status":"publish","type":"page","link":"https:\/\/www.cacabelos.org\/ayuntamiento\/patrimonio-arqueologico\/","title":{"rendered":"Patrimonio arqueol\u00f3gico"},"content":{"rendered":"\t\t<div data-elementor-type=\"wp-page\" data-elementor-id=\"4086\" class=\"elementor elementor-4086\" data-elementor-post-type=\"page\">\n\t\t\t\t\t\t\t\t\t<section class=\"elementor-section elementor-top-section elementor-element elementor-element-a671724 elementor-section-boxed elementor-section-height-default elementor-section-height-default\" data-id=\"a671724\" data-element_type=\"section\">\n\t\t\t\t\t\t<div class=\"elementor-container elementor-column-gap-default\">\n\t\t\t\t\t<div class=\"elementor-column elementor-col-100 elementor-top-column elementor-element elementor-element-e3f8f62\" data-id=\"e3f8f62\" data-element_type=\"column\">\n\t\t\t<div class=\"elementor-widget-wrap elementor-element-populated\">\n\t\t\t\t\t\t\t\t<div class=\"elementor-element elementor-element-c3e3398 elementor-widget elementor-widget-breadcrumbs\" data-id=\"c3e3398\" data-element_type=\"widget\" data-widget_type=\"breadcrumbs.default\">\n\t\t\t\t<div class=\"elementor-widget-container\">\n\t\t\t<link rel=\"stylesheet\" href=\"https:\/\/www.cacabelos.org\/ayuntamiento\/wp-content\/plugins\/elementor-pro\/assets\/css\/widget-theme-elements.min.css\"><p id=\"breadcrumbs\"><span><span><a href=\"https:\/\/www.cacabelos.org\/ayuntamiento\/\">Portada<\/a><\/span><\/span><\/p>\t\t<\/div>\n\t\t\t\t<\/div>\n\t\t\t\t<div class=\"elementor-element elementor-element-b1be27e elementor-widget elementor-widget-heading\" data-id=\"b1be27e\" data-element_type=\"widget\" data-widget_type=\"heading.default\">\n\t\t\t\t<div class=\"elementor-widget-container\">\n\t\t\t<style>\/*! elementor - v3.16.0 - 09-10-2023 *\/\n.elementor-heading-title{padding:0;margin:0;line-height:1}.elementor-widget-heading .elementor-heading-title[class*=elementor-size-]>a{color:inherit;font-size:inherit;line-height:inherit}.elementor-widget-heading .elementor-heading-title.elementor-size-small{font-size:15px}.elementor-widget-heading .elementor-heading-title.elementor-size-medium{font-size:19px}.elementor-widget-heading .elementor-heading-title.elementor-size-large{font-size:29px}.elementor-widget-heading .elementor-heading-title.elementor-size-xl{font-size:39px}.elementor-widget-heading .elementor-heading-title.elementor-size-xxl{font-size:59px}<\/style><h2 class=\"elementor-heading-title elementor-size-default\">Patrimonio arqueol\u00f3gico<\/h2>\t\t<\/div>\n\t\t\t\t<\/div>\n\t\t\t\t\t<\/div>\n\t\t<\/div>\n\t\t\t\t\t\t\t<\/div>\n\t\t<\/section>\n\t\t\t\t<section class=\"elementor-section elementor-top-section elementor-element elementor-element-91e9c00 elementor-section-boxed elementor-section-height-default elementor-section-height-default\" data-id=\"91e9c00\" data-element_type=\"section\">\n\t\t\t\t\t\t<div class=\"elementor-container elementor-column-gap-default\">\n\t\t\t\t\t<div class=\"elementor-column elementor-col-100 elementor-top-column elementor-element elementor-element-c4a595b\" data-id=\"c4a595b\" data-element_type=\"column\">\n\t\t\t<div class=\"elementor-widget-wrap elementor-element-populated\">\n\t\t\t\t\t\t\t\t<div class=\"elementor-element elementor-element-73a76c4 elementor-widget elementor-widget-text-editor\" data-id=\"73a76c4\" data-element_type=\"widget\" data-widget_type=\"text-editor.default\">\n\t\t\t\t<div class=\"elementor-widget-container\">\n\t\t\t<style>\/*! elementor - v3.16.0 - 09-10-2023 *\/\n.elementor-widget-text-editor.elementor-drop-cap-view-stacked .elementor-drop-cap{background-color:#69727d;color:#fff}.elementor-widget-text-editor.elementor-drop-cap-view-framed .elementor-drop-cap{color:#69727d;border:3px solid;background-color:transparent}.elementor-widget-text-editor:not(.elementor-drop-cap-view-default) .elementor-drop-cap{margin-top:8px}.elementor-widget-text-editor:not(.elementor-drop-cap-view-default) .elementor-drop-cap-letter{width:1em;height:1em}.elementor-widget-text-editor .elementor-drop-cap{float:left;text-align:center;line-height:1;font-size:50px}.elementor-widget-text-editor .elementor-drop-cap-letter{display:inline-block}<\/style>\t\t\t\t<p>Los or\u00edgenes de Cacabelos<\/p>\t\t\t\t\t\t<\/div>\n\t\t\t\t<\/div>\n\t\t\t\t\t<\/div>\n\t\t<\/div>\n\t\t\t\t\t\t\t<\/div>\n\t\t<\/section>\n\t\t\t\t<section class=\"elementor-section elementor-top-section elementor-element elementor-element-afa9b5d elementor-section-boxed elementor-section-height-default elementor-section-height-default\" data-id=\"afa9b5d\" data-element_type=\"section\">\n\t\t\t\t\t\t<div class=\"elementor-container elementor-column-gap-default\">\n\t\t\t\t\t<div class=\"elementor-column elementor-col-100 elementor-top-column elementor-element elementor-element-f109e61\" data-id=\"f109e61\" data-element_type=\"column\">\n\t\t\t<div class=\"elementor-widget-wrap elementor-element-populated\">\n\t\t\t\t\t\t\t\t<div class=\"elementor-element elementor-element-99bae18 elementor-widget elementor-widget-heading\" data-id=\"99bae18\" data-element_type=\"widget\" data-widget_type=\"heading.default\">\n\t\t\t\t<div class=\"elementor-widget-container\">\n\t\t\t<h4 class=\"elementor-heading-title elementor-size-default\">Yacimiento arqueol\u00f3gico de Castro Ventosa<\/h4>\t\t<\/div>\n\t\t\t\t<\/div>\n\t\t\t\t\t<\/div>\n\t\t<\/div>\n\t\t\t\t\t\t\t<\/div>\n\t\t<\/section>\n\t\t\t\t<section class=\"elementor-section elementor-top-section elementor-element elementor-element-339af72 elementor-section-boxed elementor-section-height-default elementor-section-height-default\" data-id=\"339af72\" data-element_type=\"section\">\n\t\t\t\t\t\t<div class=\"elementor-container elementor-column-gap-default\">\n\t\t\t\t\t<div class=\"elementor-column elementor-col-100 elementor-top-column elementor-element elementor-element-f31938f\" data-id=\"f31938f\" data-element_type=\"column\">\n\t\t\t<div class=\"elementor-widget-wrap elementor-element-populated\">\n\t\t\t\t\t\t\t\t<div class=\"elementor-element elementor-element-fc14b01 elementor-widget elementor-widget-image\" data-id=\"fc14b01\" data-element_type=\"widget\" data-widget_type=\"image.default\">\n\t\t\t\t<div class=\"elementor-widget-container\">\n\t\t\t<style>\/*! elementor - v3.16.0 - 09-10-2023 *\/\n.elementor-widget-image{text-align:center}.elementor-widget-image a{display:inline-block}.elementor-widget-image a img[src$=\".svg\"]{width:48px}.elementor-widget-image img{vertical-align:middle;display:inline-block}<\/style>\t\t\t\t\t\t\t\t\t\t\t\t<img loading=\"lazy\" decoding=\"async\" width=\"640\" height=\"471\" src=\"https:\/\/www.cacabelos.org\/ayuntamiento\/wp-content\/uploads\/2023\/08\/castro-ventosa-1.jpg\" class=\"attachment-large size-large wp-image-4091\" alt=\"Castro Ventosa - 1\" srcset=\"https:\/\/www.cacabelos.org\/ayuntamiento\/wp-content\/uploads\/2023\/08\/castro-ventosa-1.jpg 640w, https:\/\/www.cacabelos.org\/ayuntamiento\/wp-content\/uploads\/2023\/08\/castro-ventosa-1-300x221.jpg 300w, https:\/\/www.cacabelos.org\/ayuntamiento\/wp-content\/uploads\/2023\/08\/castro-ventosa-1-600x442.jpg 600w\" sizes=\"auto, (max-width: 640px) 100vw, 640px\" \/>\t\t\t\t\t\t\t\t\t\t\t\t\t\t\t<\/div>\n\t\t\t\t<\/div>\n\t\t\t\t\t<\/div>\n\t\t<\/div>\n\t\t\t\t\t\t\t<\/div>\n\t\t<\/section>\n\t\t\t\t<section class=\"elementor-section elementor-top-section elementor-element elementor-element-08c2780 elementor-section-boxed elementor-section-height-default elementor-section-height-default\" data-id=\"08c2780\" data-element_type=\"section\">\n\t\t\t\t\t\t<div class=\"elementor-container elementor-column-gap-default\">\n\t\t\t\t\t<div class=\"elementor-column elementor-col-100 elementor-top-column elementor-element elementor-element-23db6bd\" data-id=\"23db6bd\" data-element_type=\"column\">\n\t\t\t<div class=\"elementor-widget-wrap elementor-element-populated\">\n\t\t\t\t\t\t\t\t<div class=\"elementor-element elementor-element-cdefc80 elementor-widget elementor-widget-text-editor\" data-id=\"cdefc80\" data-element_type=\"widget\" data-widget_type=\"text-editor.default\">\n\t\t\t\t<div class=\"elementor-widget-container\">\n\t\t\t\t\t\t\t<p>El yacimiento arqueol\u00f3gico de Castro Ventosa se encuentra situado en el pueblo de Pieros (Municipio de Cacabelos) compartiendo territorio con Villafranca del Bierzo, sobre un cerro formado por el r\u00edo C\u00faa a 638 metros de altitud, y desde el cual se puede contemplar la pr\u00e1ctica totalidad de la comarca.<\/p>\t\t\t\t\t\t<\/div>\n\t\t\t\t<\/div>\n\t\t\t\t\t<\/div>\n\t\t<\/div>\n\t\t\t\t\t\t\t<\/div>\n\t\t<\/section>\n\t\t\t\t<section class=\"elementor-section elementor-top-section elementor-element elementor-element-acd93f4 elementor-section-boxed elementor-section-height-default elementor-section-height-default\" data-id=\"acd93f4\" data-element_type=\"section\">\n\t\t\t\t\t\t<div class=\"elementor-container elementor-column-gap-default\">\n\t\t\t\t\t<div class=\"elementor-column elementor-col-100 elementor-top-column elementor-element elementor-element-d516c3e\" data-id=\"d516c3e\" data-element_type=\"column\">\n\t\t\t<div class=\"elementor-widget-wrap elementor-element-populated\">\n\t\t\t\t\t\t\t\t<div class=\"elementor-element elementor-element-0fb78be elementor-widget elementor-widget-image\" data-id=\"0fb78be\" data-element_type=\"widget\" data-widget_type=\"image.default\">\n\t\t\t\t<div class=\"elementor-widget-container\">\n\t\t\t\t\t\t\t\t\t\t\t\t\t\t\t<img loading=\"lazy\" decoding=\"async\" width=\"639\" height=\"427\" src=\"https:\/\/www.cacabelos.org\/ayuntamiento\/wp-content\/uploads\/2023\/08\/castro-ventosa-2.jpg\" class=\"attachment-large size-large wp-image-4092\" alt=\"Castro Ventosa - 2\" srcset=\"https:\/\/www.cacabelos.org\/ayuntamiento\/wp-content\/uploads\/2023\/08\/castro-ventosa-2.jpg 639w, https:\/\/www.cacabelos.org\/ayuntamiento\/wp-content\/uploads\/2023\/08\/castro-ventosa-2-300x200.jpg 300w, https:\/\/www.cacabelos.org\/ayuntamiento\/wp-content\/uploads\/2023\/08\/castro-ventosa-2-600x401.jpg 600w\" sizes=\"auto, (max-width: 639px) 100vw, 639px\" \/>\t\t\t\t\t\t\t\t\t\t\t\t\t\t\t<\/div>\n\t\t\t\t<\/div>\n\t\t\t\t\t<\/div>\n\t\t<\/div>\n\t\t\t\t\t\t\t<\/div>\n\t\t<\/section>\n\t\t\t\t<section class=\"elementor-section elementor-top-section elementor-element elementor-element-368f5cd elementor-section-boxed elementor-section-height-default elementor-section-height-default\" data-id=\"368f5cd\" data-element_type=\"section\">\n\t\t\t\t\t\t<div class=\"elementor-container elementor-column-gap-default\">\n\t\t\t\t\t<div class=\"elementor-column elementor-col-100 elementor-top-column elementor-element elementor-element-a75e97a\" data-id=\"a75e97a\" data-element_type=\"column\">\n\t\t\t<div class=\"elementor-widget-wrap elementor-element-populated\">\n\t\t\t\t\t\t\t\t<div class=\"elementor-element elementor-element-bde7104 elementor-widget elementor-widget-text-editor\" data-id=\"bde7104\" data-element_type=\"widget\" data-widget_type=\"text-editor.default\">\n\t\t\t\t<div class=\"elementor-widget-container\">\n\t\t\t\t\t\t\t<p>De origen prerromano, se ha localizado tradicionalmente en este lugar el poblado de Bergidae de las fuentes cl\u00e1sicas, citada por Floro y Orosio en relaci\u00f3n a las Guerras C\u00e1ntabro-Astures (29- 19 a . de C.) cuya toma dar\u00eda por finalizada la campa\u00f1a militar. Sin embargo, la existencia del importante yacimiento romano de La Edrada al Norte de Cacabelos, sume en la duda a los investigadores que tradicionalmente asocian este \u00faltimo yacimiento a los restos de la ciudad de Bergidum Flavium y a la mansi\u00f3n viaria, duda que no ser\u00e1 despejada hasta que las excavaciones arqueol\u00f3gicas de ambos yacimientos sean regulares y sistem\u00e1ticas.<\/p>\t\t\t\t\t\t<\/div>\n\t\t\t\t<\/div>\n\t\t\t\t\t<\/div>\n\t\t<\/div>\n\t\t\t\t\t\t\t<\/div>\n\t\t<\/section>\n\t\t\t\t<section class=\"elementor-section elementor-top-section elementor-element elementor-element-c3622cb elementor-section-boxed elementor-section-height-default elementor-section-height-default\" data-id=\"c3622cb\" data-element_type=\"section\">\n\t\t\t\t\t\t<div class=\"elementor-container elementor-column-gap-default\">\n\t\t\t\t\t<div class=\"elementor-column elementor-col-100 elementor-top-column elementor-element elementor-element-84ffebd\" data-id=\"84ffebd\" data-element_type=\"column\">\n\t\t\t<div class=\"elementor-widget-wrap elementor-element-populated\">\n\t\t\t\t\t\t\t\t<div class=\"elementor-element elementor-element-b079805 elementor-widget elementor-widget-image\" data-id=\"b079805\" data-element_type=\"widget\" data-widget_type=\"image.default\">\n\t\t\t\t<div class=\"elementor-widget-container\">\n\t\t\t\t\t\t\t\t\t\t\t\t\t\t\t<img loading=\"lazy\" decoding=\"async\" width=\"636\" height=\"480\" src=\"https:\/\/www.cacabelos.org\/ayuntamiento\/wp-content\/uploads\/2023\/08\/castro-ventosa-3.jpg\" class=\"attachment-large size-large wp-image-4093\" alt=\"Castro Ventosa - 3\" srcset=\"https:\/\/www.cacabelos.org\/ayuntamiento\/wp-content\/uploads\/2023\/08\/castro-ventosa-3.jpg 636w, https:\/\/www.cacabelos.org\/ayuntamiento\/wp-content\/uploads\/2023\/08\/castro-ventosa-3-300x226.jpg 300w, https:\/\/www.cacabelos.org\/ayuntamiento\/wp-content\/uploads\/2023\/08\/castro-ventosa-3-600x453.jpg 600w\" sizes=\"auto, (max-width: 636px) 100vw, 636px\" \/>\t\t\t\t\t\t\t\t\t\t\t\t\t\t\t<\/div>\n\t\t\t\t<\/div>\n\t\t\t\t\t<\/div>\n\t\t<\/div>\n\t\t\t\t\t\t\t<\/div>\n\t\t<\/section>\n\t\t\t\t<section class=\"elementor-section elementor-top-section elementor-element elementor-element-cc6cfaf elementor-section-boxed elementor-section-height-default elementor-section-height-default\" data-id=\"cc6cfaf\" data-element_type=\"section\">\n\t\t\t\t\t\t<div class=\"elementor-container elementor-column-gap-default\">\n\t\t\t\t\t<div class=\"elementor-column elementor-col-100 elementor-top-column elementor-element elementor-element-0569a67\" data-id=\"0569a67\" data-element_type=\"column\">\n\t\t\t<div class=\"elementor-widget-wrap elementor-element-populated\">\n\t\t\t\t\t\t\t\t<div class=\"elementor-element elementor-element-0f779c9 elementor-widget elementor-widget-text-editor\" data-id=\"0f779c9\" data-element_type=\"widget\" data-widget_type=\"text-editor.default\">\n\t\t\t\t<div class=\"elementor-widget-container\">\n\t\t\t\t\t\t\t<p>El vestigio m\u00e1s monumental del yacimiento de Castro Ventosa es la magn\u00edfica muralla de \u00c9poca Bajo Imperial Romana comparable a las de Le\u00f3n, Lugo, Astorga o Braga. Este elemento estructural, poderosamente atractivo, ha propiciado la atenci\u00f3n de diversos eruditos y viajeros que lo describieron desde el siglo XVIII, siendo declarado Monumento Hist\u00f3rico en 1931, y actualmente protegido como Zona Arqueol\u00f3gica.<\/p>\t\t\t\t\t\t<\/div>\n\t\t\t\t<\/div>\n\t\t\t\t\t<\/div>\n\t\t<\/div>\n\t\t\t\t\t\t\t<\/div>\n\t\t<\/section>\n\t\t\t\t<section class=\"elementor-section elementor-top-section elementor-element elementor-element-dad4349 elementor-section-boxed elementor-section-height-default elementor-section-height-default\" data-id=\"dad4349\" data-element_type=\"section\">\n\t\t\t\t\t\t<div class=\"elementor-container elementor-column-gap-default\">\n\t\t\t\t\t<div class=\"elementor-column elementor-col-100 elementor-top-column elementor-element elementor-element-5d2efcc\" data-id=\"5d2efcc\" data-element_type=\"column\">\n\t\t\t<div class=\"elementor-widget-wrap elementor-element-populated\">\n\t\t\t\t\t\t\t\t<div class=\"elementor-element elementor-element-8fa4a6d elementor-widget elementor-widget-image\" data-id=\"8fa4a6d\" data-element_type=\"widget\" data-widget_type=\"image.default\">\n\t\t\t\t<div class=\"elementor-widget-container\">\n\t\t\t\t\t\t\t\t\t\t\t\t\t\t\t<img loading=\"lazy\" decoding=\"async\" width=\"640\" height=\"426\" src=\"https:\/\/www.cacabelos.org\/ayuntamiento\/wp-content\/uploads\/2023\/08\/castro-ventosa-4.jpg\" class=\"attachment-large size-large wp-image-4094\" alt=\"Castro Ventosa - 4\" srcset=\"https:\/\/www.cacabelos.org\/ayuntamiento\/wp-content\/uploads\/2023\/08\/castro-ventosa-4.jpg 640w, https:\/\/www.cacabelos.org\/ayuntamiento\/wp-content\/uploads\/2023\/08\/castro-ventosa-4-300x200.jpg 300w, https:\/\/www.cacabelos.org\/ayuntamiento\/wp-content\/uploads\/2023\/08\/castro-ventosa-4-600x399.jpg 600w\" sizes=\"auto, (max-width: 640px) 100vw, 640px\" \/>\t\t\t\t\t\t\t\t\t\t\t\t\t\t\t<\/div>\n\t\t\t\t<\/div>\n\t\t\t\t\t<\/div>\n\t\t<\/div>\n\t\t\t\t\t\t\t<\/div>\n\t\t<\/section>\n\t\t\t\t<section class=\"elementor-section elementor-top-section elementor-element elementor-element-f6316ed elementor-section-boxed elementor-section-height-default elementor-section-height-default\" data-id=\"f6316ed\" data-element_type=\"section\">\n\t\t\t\t\t\t<div class=\"elementor-container elementor-column-gap-default\">\n\t\t\t\t\t<div class=\"elementor-column elementor-col-100 elementor-top-column elementor-element elementor-element-7037a7a\" data-id=\"7037a7a\" data-element_type=\"column\">\n\t\t\t<div class=\"elementor-widget-wrap elementor-element-populated\">\n\t\t\t\t\t\t\t\t<div class=\"elementor-element elementor-element-84ea6a3 elementor-widget elementor-widget-text-editor\" data-id=\"84ea6a3\" data-element_type=\"widget\" data-widget_type=\"text-editor.default\">\n\t\t\t\t<div class=\"elementor-widget-container\">\n\t\t\t\t\t\t\t<p>El conocimiento cient\u00edfico de Castro Ventosa es bastante precario por la ausencia de excavaciones sistem\u00e1ticas, y hasta el momento todos los esfuerzos se han dirigido a la conservaci\u00f3n y estudio de sus murallas. Este recinto fortificado est\u00e1 constituido por una muralla torreada de 1.136 m ., adaptada a la topograf\u00eda del terreno, de 4 m . de ancho y 8 de alto, y 15 torreones situados al noroeste. Las puertas de acceso a la ciudad est\u00e1n situadas en los extremos del camino central que atraviesa la meseta castre\u00f1a, orientadas al Este y Oeste, la Puerta de Sol y la Puerta del Viento, y flanqueadas por bastiones. Esta orientaci\u00f3n situar\u00edan las calzadillas en direcci\u00f3n a la V\u00edas Augustas y V\u00eda Nova situadas en el llano que se dirigen hacia el Noroeste desde Asturica Augusta a Lucus Augusti y hacia Bracara Augusta , ciudades que se amurallan al mismo tiempo que Bergidum.<\/p>\t\t\t\t\t\t<\/div>\n\t\t\t\t<\/div>\n\t\t\t\t\t<\/div>\n\t\t<\/div>\n\t\t\t\t\t\t\t<\/div>\n\t\t<\/section>\n\t\t\t\t<section class=\"elementor-section elementor-top-section elementor-element elementor-element-b93ad6e elementor-section-boxed elementor-section-height-default elementor-section-height-default\" data-id=\"b93ad6e\" data-element_type=\"section\">\n\t\t\t\t\t\t<div class=\"elementor-container elementor-column-gap-default\">\n\t\t\t\t\t<div class=\"elementor-column elementor-col-100 elementor-top-column elementor-element elementor-element-780f092\" data-id=\"780f092\" data-element_type=\"column\">\n\t\t\t<div class=\"elementor-widget-wrap elementor-element-populated\">\n\t\t\t\t\t\t\t\t<div class=\"elementor-element elementor-element-6da9560 elementor-widget elementor-widget-image\" data-id=\"6da9560\" data-element_type=\"widget\" data-widget_type=\"image.default\">\n\t\t\t\t<div class=\"elementor-widget-container\">\n\t\t\t\t\t\t\t\t\t\t\t\t\t\t\t<img loading=\"lazy\" decoding=\"async\" width=\"640\" height=\"427\" src=\"https:\/\/www.cacabelos.org\/ayuntamiento\/wp-content\/uploads\/2023\/08\/castro-ventosa-5.jpg\" class=\"attachment-large size-large wp-image-4095\" alt=\"Castro Ventosa - 5\" srcset=\"https:\/\/www.cacabelos.org\/ayuntamiento\/wp-content\/uploads\/2023\/08\/castro-ventosa-5.jpg 640w, https:\/\/www.cacabelos.org\/ayuntamiento\/wp-content\/uploads\/2023\/08\/castro-ventosa-5-300x200.jpg 300w, https:\/\/www.cacabelos.org\/ayuntamiento\/wp-content\/uploads\/2023\/08\/castro-ventosa-5-600x400.jpg 600w\" sizes=\"auto, (max-width: 640px) 100vw, 640px\" \/>\t\t\t\t\t\t\t\t\t\t\t\t\t\t\t<\/div>\n\t\t\t\t<\/div>\n\t\t\t\t\t<\/div>\n\t\t<\/div>\n\t\t\t\t\t\t\t<\/div>\n\t\t<\/section>\n\t\t\t\t<section class=\"elementor-section elementor-top-section elementor-element elementor-element-d5cc7a3 elementor-section-boxed elementor-section-height-default elementor-section-height-default\" data-id=\"d5cc7a3\" data-element_type=\"section\">\n\t\t\t\t\t\t<div class=\"elementor-container elementor-column-gap-default\">\n\t\t\t\t\t<div class=\"elementor-column elementor-col-100 elementor-top-column elementor-element elementor-element-0dfa12c\" data-id=\"0dfa12c\" data-element_type=\"column\">\n\t\t\t<div class=\"elementor-widget-wrap elementor-element-populated\">\n\t\t\t\t\t\t\t\t<div class=\"elementor-element elementor-element-8c60bcd elementor-widget elementor-widget-text-editor\" data-id=\"8c60bcd\" data-element_type=\"widget\" data-widget_type=\"text-editor.default\">\n\t\t\t\t<div class=\"elementor-widget-container\">\n\t\t\t\t\t\t\t<p>Los hallazgos materiales acreditan su urbanismo -si bien nada se conoce de su planimetr\u00eda-, y permiten ver la perfecta integraci\u00f3n de la ciudad en los circuitos comerciales y econ\u00f3micos del Imperio Romano, y por tanto de las V\u00edas Augustas.<\/p><p>Recientemente( a trav\u00e9s del 1% cultural del Ministerio de Fomento) ha sido construido un camino de acceso desde el pueblo de Pieros, adem\u00e1s de un amplio camino de ronda y la restauraci\u00f3n de la muralla, lo cual facilita la visita y revaloriza el yacimiento.<\/p><p>Independientemente del valioso legado patrimonial que supone el Castro de la Ventosa, el enclave ejerce como espl\u00e9ndida atalaya del Bajo Bierzo, ofreciendo una de las panor\u00e1micas m\u00e1s hermosas de toda la comarca tal como sugiere la descripci\u00f3n del escritor rom\u00e1ntico Enrique Gil y Carrasco \u201c&#8230; en vez de montes mon\u00f3tonos y cerrados (&#8230;), encontrase la vista la inmensidad del mar, ser\u00eda, sin duda, uno de los m\u00e1s hermosos puntos del globo\u201d.<\/p>\t\t\t\t\t\t<\/div>\n\t\t\t\t<\/div>\n\t\t\t\t\t<\/div>\n\t\t<\/div>\n\t\t\t\t\t\t\t<\/div>\n\t\t<\/section>\n\t\t\t\t<section class=\"elementor-section elementor-top-section elementor-element elementor-element-959498e elementor-section-content-middle elementor-section-boxed elementor-section-height-default elementor-section-height-default\" data-id=\"959498e\" data-element_type=\"section\">\n\t\t\t\t\t\t<div class=\"elementor-container elementor-column-gap-no\">\n\t\t\t\t\t<div class=\"elementor-column elementor-col-50 elementor-top-column elementor-element elementor-element-4263a77\" data-id=\"4263a77\" data-element_type=\"column\">\n\t\t\t<div class=\"elementor-widget-wrap elementor-element-populated\">\n\t\t\t\t\t\t\t\t<div class=\"elementor-element elementor-element-cf892a3 elementor-view-default elementor-position-top elementor-mobile-position-top elementor-widget elementor-widget-icon-box\" data-id=\"cf892a3\" data-element_type=\"widget\" data-widget_type=\"icon-box.default\">\n\t\t\t\t<div class=\"elementor-widget-container\">\n\t\t\t<link rel=\"stylesheet\" href=\"https:\/\/www.cacabelos.org\/ayuntamiento\/wp-content\/plugins\/elementor\/assets\/css\/widget-icon-box.min.css\">\t\t<div class=\"elementor-icon-box-wrapper\">\n\t\t\t\t\t\t<div class=\"elementor-icon-box-icon\">\n\t\t\t\t<span  class=\"elementor-icon elementor-animation-grow\">\n\t\t\t\t<i aria-hidden=\"true\" class=\"fas fa-map-marked-alt\"><\/i>\t\t\t\t<\/span>\n\t\t\t<\/div>\n\t\t\t\t\t\t<div class=\"elementor-icon-box-content\">\n\t\t\t\t<h4 class=\"elementor-icon-box-title\">\n\t\t\t\t\t<span  >\n\t\t\t\t\t\tAcceso\t\t\t\t\t<\/span>\n\t\t\t\t<\/h4>\n\t\t\t\t\t\t\t\t\t<p class=\"elementor-icon-box-description\">\n\t\t\t\t\t\tPuede accederse hasta el yacimiento en coche, y la visita caminando.\nEn coche, desde el centro de Cacabelos son 5 min. ( 2 Km .)\n*Guarda del yacimiento todo el a\u00f1o.\t\t\t\t\t<\/p>\n\t\t\t\t\t\t\t<\/div>\n\t\t<\/div>\n\t\t\t\t<\/div>\n\t\t\t\t<\/div>\n\t\t\t\t\t<\/div>\n\t\t<\/div>\n\t\t\t\t<div class=\"elementor-column elementor-col-50 elementor-top-column elementor-element elementor-element-4f9f418\" data-id=\"4f9f418\" data-element_type=\"column\">\n\t\t\t<div class=\"elementor-widget-wrap elementor-element-populated\">\n\t\t\t\t\t\t\t\t<div class=\"elementor-element elementor-element-f09e5ce elementor-view-default elementor-position-top elementor-mobile-position-top elementor-widget elementor-widget-icon-box\" data-id=\"f09e5ce\" data-element_type=\"widget\" data-widget_type=\"icon-box.default\">\n\t\t\t\t<div class=\"elementor-widget-container\">\n\t\t\t\t\t<div class=\"elementor-icon-box-wrapper\">\n\t\t\t\t\t\t<div class=\"elementor-icon-box-icon\">\n\t\t\t\t<span  class=\"elementor-icon elementor-animation-grow\">\n\t\t\t\t<i aria-hidden=\"true\" class=\"fas fa-phone\"><\/i>\t\t\t\t<\/span>\n\t\t\t<\/div>\n\t\t\t\t\t\t<div class=\"elementor-icon-box-content\">\n\t\t\t\t<h4 class=\"elementor-icon-box-title\">\n\t\t\t\t\t<span  >\n\t\t\t\t\t\tInformaci\u00f3n\t\t\t\t\t<\/span>\n\t\t\t\t<\/h4>\n\t\t\t\t\t\t\t\t\t<p class=\"elementor-icon-box-description\">\n\t\t\t\t\t\tOficina de Turismo de Cacabelos (987 546011)\n\t\t\t\t\t<\/p>\n\t\t\t\t\t\t\t<\/div>\n\t\t<\/div>\n\t\t\t\t<\/div>\n\t\t\t\t<\/div>\n\t\t\t\t\t<\/div>\n\t\t<\/div>\n\t\t\t\t\t\t\t<\/div>\n\t\t<\/section>\n\t\t\t\t<section class=\"elementor-section elementor-top-section elementor-element elementor-element-dcb0098 elementor-section-boxed elementor-section-height-default elementor-section-height-default\" data-id=\"dcb0098\" data-element_type=\"section\">\n\t\t\t\t\t\t<div class=\"elementor-container elementor-column-gap-default\">\n\t\t\t\t\t<div class=\"elementor-column elementor-col-100 elementor-top-column elementor-element elementor-element-2d724b2\" data-id=\"2d724b2\" data-element_type=\"column\">\n\t\t\t<div class=\"elementor-widget-wrap elementor-element-populated\">\n\t\t\t\t\t\t\t\t<div class=\"elementor-element elementor-element-23eceda elementor-widget elementor-widget-heading\" data-id=\"23eceda\" data-element_type=\"widget\" data-widget_type=\"heading.default\">\n\t\t\t\t<div class=\"elementor-widget-container\">\n\t\t\t<h4 class=\"elementor-heading-title elementor-size-default\">Yacimiento arqueol\u00f3gico de la Edrada\n<\/h4>\t\t<\/div>\n\t\t\t\t<\/div>\n\t\t\t\t\t<\/div>\n\t\t<\/div>\n\t\t\t\t\t\t\t<\/div>\n\t\t<\/section>\n\t\t\t\t<section class=\"elementor-section elementor-top-section elementor-element elementor-element-9ad1c70 elementor-section-boxed elementor-section-height-default elementor-section-height-default\" data-id=\"9ad1c70\" data-element_type=\"section\">\n\t\t\t\t\t\t<div class=\"elementor-container elementor-column-gap-default\">\n\t\t\t\t\t<div class=\"elementor-column elementor-col-100 elementor-top-column elementor-element elementor-element-741960b\" data-id=\"741960b\" data-element_type=\"column\">\n\t\t\t<div class=\"elementor-widget-wrap elementor-element-populated\">\n\t\t\t\t\t\t\t\t<div class=\"elementor-element elementor-element-3dd698c elementor-widget elementor-widget-image\" data-id=\"3dd698c\" data-element_type=\"widget\" data-widget_type=\"image.default\">\n\t\t\t\t<div class=\"elementor-widget-container\">\n\t\t\t\t\t\t\t\t\t\t\t\t\t\t\t<img loading=\"lazy\" decoding=\"async\" width=\"516\" height=\"426\" src=\"https:\/\/www.cacabelos.org\/ayuntamiento\/wp-content\/uploads\/2023\/08\/la-edrada-1.jpg\" class=\"attachment-large size-large wp-image-4096\" alt=\"La Edrada - 1\" srcset=\"https:\/\/www.cacabelos.org\/ayuntamiento\/wp-content\/uploads\/2023\/08\/la-edrada-1.jpg 516w, https:\/\/www.cacabelos.org\/ayuntamiento\/wp-content\/uploads\/2023\/08\/la-edrada-1-300x248.jpg 300w\" sizes=\"auto, (max-width: 516px) 100vw, 516px\" \/>\t\t\t\t\t\t\t\t\t\t\t\t\t\t\t<\/div>\n\t\t\t\t<\/div>\n\t\t\t\t\t<\/div>\n\t\t<\/div>\n\t\t\t\t\t\t\t<\/div>\n\t\t<\/section>\n\t\t\t\t<section class=\"elementor-section elementor-top-section elementor-element elementor-element-00f6449 elementor-section-boxed elementor-section-height-default elementor-section-height-default\" data-id=\"00f6449\" data-element_type=\"section\">\n\t\t\t\t\t\t<div class=\"elementor-container elementor-column-gap-default\">\n\t\t\t\t\t<div class=\"elementor-column elementor-col-100 elementor-top-column elementor-element elementor-element-33ef594\" data-id=\"33ef594\" data-element_type=\"column\">\n\t\t\t<div class=\"elementor-widget-wrap elementor-element-populated\">\n\t\t\t\t\t\t\t\t<div class=\"elementor-element elementor-element-1591526 elementor-widget elementor-widget-text-editor\" data-id=\"1591526\" data-element_type=\"widget\" data-widget_type=\"text-editor.default\">\n\t\t\t\t<div class=\"elementor-widget-container\">\n\t\t\t\t\t\t\t<p><span style=\"color: var( --e-global-color-text ); font-family: var( --e-global-typography-text-font-family ), Sans-serif; font-weight: var( --e-global-typography-text-font-weight ); font-size: 1rem;\">Como ya se ha dicho, este asentamiento romano identificado tambi\u00e9n con Bergidum Flavium del Itinerario de Antonino, plantear\u00e1 la duda de la exacta ubicaci\u00f3n de la mansi\u00f3n viaria, pues desde antiguo es conocido por los numerosos hallazgos de cultura material romana. Actualmente aqu\u00ed se asienta el cementerio municipal, y desde el a\u00f1o 1988 se han realizado intervenciones arqueol\u00f3gicas de urgencia relacionadas con la ampliaci\u00f3n de dicho cementerio, habiendo sido declarado Bien de Inter\u00e9s Cultural en 1994.<\/span><br><\/p>\t\t\t\t\t\t<\/div>\n\t\t\t\t<\/div>\n\t\t\t\t\t<\/div>\n\t\t<\/div>\n\t\t\t\t\t\t\t<\/div>\n\t\t<\/section>\n\t\t\t\t<section class=\"elementor-section elementor-top-section elementor-element elementor-element-9d3068c elementor-section-boxed elementor-section-height-default elementor-section-height-default\" data-id=\"9d3068c\" data-element_type=\"section\">\n\t\t\t\t\t\t<div class=\"elementor-container elementor-column-gap-default\">\n\t\t\t\t\t<div class=\"elementor-column elementor-col-100 elementor-top-column elementor-element elementor-element-d519411\" data-id=\"d519411\" data-element_type=\"column\">\n\t\t\t<div class=\"elementor-widget-wrap elementor-element-populated\">\n\t\t\t\t\t\t\t\t<div class=\"elementor-element elementor-element-716a507 elementor-widget elementor-widget-image\" data-id=\"716a507\" data-element_type=\"widget\" data-widget_type=\"image.default\">\n\t\t\t\t<div class=\"elementor-widget-container\">\n\t\t\t\t\t\t\t\t\t\t\t\t\t\t\t<img loading=\"lazy\" decoding=\"async\" width=\"475\" height=\"316\" src=\"https:\/\/www.cacabelos.org\/ayuntamiento\/wp-content\/uploads\/2023\/08\/la-edrada-2.jpg\" class=\"attachment-large size-large wp-image-4097\" alt=\"La Edrada - 2\" srcset=\"https:\/\/www.cacabelos.org\/ayuntamiento\/wp-content\/uploads\/2023\/08\/la-edrada-2.jpg 475w, https:\/\/www.cacabelos.org\/ayuntamiento\/wp-content\/uploads\/2023\/08\/la-edrada-2-300x200.jpg 300w\" sizes=\"auto, (max-width: 475px) 100vw, 475px\" \/>\t\t\t\t\t\t\t\t\t\t\t\t\t\t\t<\/div>\n\t\t\t\t<\/div>\n\t\t\t\t\t<\/div>\n\t\t<\/div>\n\t\t\t\t\t\t\t<\/div>\n\t\t<\/section>\n\t\t\t\t<section class=\"elementor-section elementor-top-section elementor-element elementor-element-5fe3453 elementor-section-boxed elementor-section-height-default elementor-section-height-default\" data-id=\"5fe3453\" data-element_type=\"section\">\n\t\t\t\t\t\t<div class=\"elementor-container elementor-column-gap-default\">\n\t\t\t\t\t<div class=\"elementor-column elementor-col-100 elementor-top-column elementor-element elementor-element-d3a17de\" data-id=\"d3a17de\" data-element_type=\"column\">\n\t\t\t<div class=\"elementor-widget-wrap elementor-element-populated\">\n\t\t\t\t\t\t\t\t<div class=\"elementor-element elementor-element-1d8d18f elementor-widget elementor-widget-text-editor\" data-id=\"1d8d18f\" data-element_type=\"widget\" data-widget_type=\"text-editor.default\">\n\t\t\t\t<div class=\"elementor-widget-container\">\n\t\t\t\t\t\t\t<p>La ciudad creada ex novo, es sin duda el enclave m\u00e1s id\u00f3neo para la encrucijada viaria hacia Asturica Augusta, Lucus Augusti y Bracara Augusta , y probablemente aqu\u00ed se desarrollar\u00eda una vida urbana paralela a Castro Ventosa. Bergidum Flavium fue municipio romano y centro administrativo y pol\u00edtico de las explotaciones aur\u00edferas de M\u00e9dulas y del resto de la comarca. En cuanto a su despoblamiento, no existe referencia alguna, y podr\u00eda ponerse en relaci\u00f3n bien con las invasiones b\u00e1rbaras, o bien con las posteriores razzias musulmanas en el siglo X y XI que destruyen Cacabelos, y que en 1108 reconstruye el arzobispo compostelano Diego Gelm\u00edrez entorno al Camino de Santiago, consagrando la iglesia rom\u00e1nica de Santa Mar\u00eda.<\/p>\t\t\t\t\t\t<\/div>\n\t\t\t\t<\/div>\n\t\t\t\t\t<\/div>\n\t\t<\/div>\n\t\t\t\t\t\t\t<\/div>\n\t\t<\/section>\n\t\t\t\t<section class=\"elementor-section elementor-top-section elementor-element elementor-element-ded427f elementor-section-boxed elementor-section-height-default elementor-section-height-default\" data-id=\"ded427f\" data-element_type=\"section\">\n\t\t\t\t\t\t<div class=\"elementor-container elementor-column-gap-default\">\n\t\t\t\t\t<div class=\"elementor-column elementor-col-100 elementor-top-column elementor-element elementor-element-6093655\" data-id=\"6093655\" data-element_type=\"column\">\n\t\t\t<div class=\"elementor-widget-wrap elementor-element-populated\">\n\t\t\t\t\t\t\t\t<div class=\"elementor-element elementor-element-506865d elementor-widget elementor-widget-image\" data-id=\"506865d\" data-element_type=\"widget\" data-widget_type=\"image.default\">\n\t\t\t\t<div class=\"elementor-widget-container\">\n\t\t\t\t\t\t\t\t\t\t\t\t\t\t\t<img loading=\"lazy\" decoding=\"async\" width=\"652\" height=\"489\" src=\"https:\/\/www.cacabelos.org\/ayuntamiento\/wp-content\/uploads\/2023\/08\/la-edrada-3.jpg\" class=\"attachment-large size-large wp-image-4098\" alt=\"La Edrada - 3\" srcset=\"https:\/\/www.cacabelos.org\/ayuntamiento\/wp-content\/uploads\/2023\/08\/la-edrada-3.jpg 652w, https:\/\/www.cacabelos.org\/ayuntamiento\/wp-content\/uploads\/2023\/08\/la-edrada-3-300x225.jpg 300w, https:\/\/www.cacabelos.org\/ayuntamiento\/wp-content\/uploads\/2023\/08\/la-edrada-3-600x450.jpg 600w\" sizes=\"auto, (max-width: 652px) 100vw, 652px\" \/>\t\t\t\t\t\t\t\t\t\t\t\t\t\t\t<\/div>\n\t\t\t\t<\/div>\n\t\t\t\t\t<\/div>\n\t\t<\/div>\n\t\t\t\t\t\t\t<\/div>\n\t\t<\/section>\n\t\t\t\t<section class=\"elementor-section elementor-top-section elementor-element elementor-element-d98782f elementor-section-boxed elementor-section-height-default elementor-section-height-default\" data-id=\"d98782f\" data-element_type=\"section\">\n\t\t\t\t\t\t<div class=\"elementor-container elementor-column-gap-default\">\n\t\t\t\t\t<div class=\"elementor-column elementor-col-100 elementor-top-column elementor-element elementor-element-2a229fd\" data-id=\"2a229fd\" data-element_type=\"column\">\n\t\t\t<div class=\"elementor-widget-wrap elementor-element-populated\">\n\t\t\t\t\t\t\t\t<div class=\"elementor-element elementor-element-8848125 elementor-widget elementor-widget-text-editor\" data-id=\"8848125\" data-element_type=\"widget\" data-widget_type=\"text-editor.default\">\n\t\t\t\t<div class=\"elementor-widget-container\">\n\t\t\t\t\t\t\t<p>Las excavaciones realizadas hasta la actualidad en el yacimiento de La Edrada, exhumaron restos arquitect\u00f3nicos relacionados con la vida dom\u00e9stica principalmente, destacando una importante red de colectores altoimperiales destinados a la evacuaci\u00f3n de aguas residuales tanto dom\u00e9sticas como del edificio termal pr\u00f3ximo. Su construcci\u00f3n es de gran solidez a pesar de su abandono, y refleja la importancia urban\u00edstica otorgada a dicho lugar, que por otro lado ofrece restos de \u00c9poca Bajo Imperial, Visigoda , Pleno y Bajo Medieval cristiana.<\/p><p>La importancia del yacimiento arqueol\u00f3gico de la Edrada reside no s\u00f3lo en su extensi\u00f3n, si no precisamente en que es el complemento hist\u00f3rico-arqueol\u00f3gico perfecto de Castro Ventosa, de Cacabelos, y en definitiva de la Historia del territorio berciano.<\/p><p>Su temprana ocupaci\u00f3n est\u00e1 confirmada por las excavaciones arqueol\u00f3gicas, y el estudio numism\u00e1tico recoge \u00e1ureos de Augusto, grandes bronces de Tiberio, denarios de Trajano, Septimio Severo y folis tardoromanos, que junto al registro de material cer\u00e1mico y lapidario sit\u00faan la ocupaci\u00f3n romana del yacimiento desde mediados del siglo I al V .<\/p>\t\t\t\t\t\t<\/div>\n\t\t\t\t<\/div>\n\t\t\t\t\t<\/div>\n\t\t<\/div>\n\t\t\t\t\t\t\t<\/div>\n\t\t<\/section>\n\t\t\t\t<section class=\"elementor-section elementor-top-section elementor-element elementor-element-3790135 elementor-section-content-middle elementor-section-boxed elementor-section-height-default elementor-section-height-default\" data-id=\"3790135\" data-element_type=\"section\">\n\t\t\t\t\t\t<div class=\"elementor-container elementor-column-gap-no\">\n\t\t\t\t\t<div class=\"elementor-column elementor-col-33 elementor-top-column elementor-element elementor-element-d6c44be\" data-id=\"d6c44be\" data-element_type=\"column\">\n\t\t\t<div class=\"elementor-widget-wrap elementor-element-populated\">\n\t\t\t\t\t\t\t\t<div class=\"elementor-element elementor-element-36b4efa elementor-view-default elementor-position-top elementor-mobile-position-top elementor-widget elementor-widget-icon-box\" data-id=\"36b4efa\" data-element_type=\"widget\" data-widget_type=\"icon-box.default\">\n\t\t\t\t<div class=\"elementor-widget-container\">\n\t\t\t\t\t<div class=\"elementor-icon-box-wrapper\">\n\t\t\t\t\t\t<div class=\"elementor-icon-box-icon\">\n\t\t\t\t<span  class=\"elementor-icon elementor-animation-grow\">\n\t\t\t\t<i aria-hidden=\"true\" class=\"fas fa-ticket-alt\"><\/i>\t\t\t\t<\/span>\n\t\t\t<\/div>\n\t\t\t\t\t\t<div class=\"elementor-icon-box-content\">\n\t\t\t\t<h4 class=\"elementor-icon-box-title\">\n\t\t\t\t\t<span  >\n\t\t\t\t\t\tVisitas\t\t\t\t\t<\/span>\n\t\t\t\t<\/h4>\n\t\t\t\t\t\t\t\t\t<p class=\"elementor-icon-box-description\">\n\t\t\t\t\t\tActualmente el yacimiento est\u00e1 siendo restaurado.\n\t\t\t\t\t<\/p>\n\t\t\t\t\t\t\t<\/div>\n\t\t<\/div>\n\t\t\t\t<\/div>\n\t\t\t\t<\/div>\n\t\t\t\t\t<\/div>\n\t\t<\/div>\n\t\t\t\t<div class=\"elementor-column elementor-col-33 elementor-top-column elementor-element elementor-element-9cd9c2f\" data-id=\"9cd9c2f\" data-element_type=\"column\">\n\t\t\t<div class=\"elementor-widget-wrap elementor-element-populated\">\n\t\t\t\t\t\t\t\t<div class=\"elementor-element elementor-element-c467c0d elementor-view-default elementor-position-top elementor-mobile-position-top elementor-widget elementor-widget-icon-box\" data-id=\"c467c0d\" data-element_type=\"widget\" data-widget_type=\"icon-box.default\">\n\t\t\t\t<div class=\"elementor-widget-container\">\n\t\t\t\t\t<div class=\"elementor-icon-box-wrapper\">\n\t\t\t\t\t\t<div class=\"elementor-icon-box-icon\">\n\t\t\t\t<span  class=\"elementor-icon elementor-animation-grow\">\n\t\t\t\t<i aria-hidden=\"true\" class=\"fas fa-arrow-alt-circle-right\"><\/i>\t\t\t\t<\/span>\n\t\t\t<\/div>\n\t\t\t\t\t\t<div class=\"elementor-icon-box-content\">\n\t\t\t\t<h4 class=\"elementor-icon-box-title\">\n\t\t\t\t\t<span  >\n\t\t\t\t\t\tAcceso\t\t\t\t\t<\/span>\n\t\t\t\t<\/h4>\n\t\t\t\t\t\t\t\t\t<p class=\"elementor-icon-box-description\">\n\t\t\t\t\t\tActualmente el yacimiento est\u00e1 siendo restaurado.\n\t\t\t\t\t<\/p>\n\t\t\t\t\t\t\t<\/div>\n\t\t<\/div>\n\t\t\t\t<\/div>\n\t\t\t\t<\/div>\n\t\t\t\t\t<\/div>\n\t\t<\/div>\n\t\t\t\t<div class=\"elementor-column elementor-col-33 elementor-top-column elementor-element elementor-element-4d85ee8\" data-id=\"4d85ee8\" data-element_type=\"column\">\n\t\t\t<div class=\"elementor-widget-wrap elementor-element-populated\">\n\t\t\t\t\t\t\t\t<div class=\"elementor-element elementor-element-55b9d10 elementor-view-default elementor-position-top elementor-mobile-position-top elementor-widget elementor-widget-icon-box\" data-id=\"55b9d10\" data-element_type=\"widget\" data-widget_type=\"icon-box.default\">\n\t\t\t\t<div class=\"elementor-widget-container\">\n\t\t\t\t\t<div class=\"elementor-icon-box-wrapper\">\n\t\t\t\t\t\t<div class=\"elementor-icon-box-icon\">\n\t\t\t\t<span  class=\"elementor-icon elementor-animation-grow\">\n\t\t\t\t<i aria-hidden=\"true\" class=\"fas fa-phone\"><\/i>\t\t\t\t<\/span>\n\t\t\t<\/div>\n\t\t\t\t\t\t<div class=\"elementor-icon-box-content\">\n\t\t\t\t<h4 class=\"elementor-icon-box-title\">\n\t\t\t\t\t<span  >\n\t\t\t\t\t\tInformaci\u00f3n\t\t\t\t\t<\/span>\n\t\t\t\t<\/h4>\n\t\t\t\t\t\t\t\t\t<p class=\"elementor-icon-box-description\">\n\t\t\t\t\t\tOficina de Turismo de Cacabelos (987 546 011)\n\t\t\t\t\t<\/p>\n\t\t\t\t\t\t\t<\/div>\n\t\t<\/div>\n\t\t\t\t<\/div>\n\t\t\t\t<\/div>\n\t\t\t\t\t<\/div>\n\t\t<\/div>\n\t\t\t\t\t\t\t<\/div>\n\t\t<\/section>\n\t\t\t\t\t\t\t<\/div>\n\t\t","protected":false},"excerpt":{"rendered":"<p>Patrimonio arqueol\u00f3gico Los or\u00edgenes de Cacabelos Yacimiento arqueol\u00f3gico de Castro Ventosa El yacimiento arqueol\u00f3gico de Castro Ventosa se encuentra situado en el pueblo de Pieros (Municipio de Cacabelos) compartiendo territorio [&hellip;]<\/p>\n","protected":false},"author":1,"featured_media":0,"parent":0,"menu_order":0,"comment_status":"closed","ping_status":"closed","template":"","meta":{"_monsterinsights_skip_tracking":false,"_monsterinsights_sitenote_active":false,"_monsterinsights_sitenote_note":"","_monsterinsights_sitenote_category":0,"footnotes":""},"class_list":["post-4086","page","type-page","status-publish","hentry"],"yoast_head":"<!-- This site is optimized with the Yoast SEO plugin v21.3 - https:\/\/yoast.com\/wordpress\/plugins\/seo\/ -->\n<title>Patrimonio arqueol\u00f3gico - Ayuntamiento de Cacabelos<\/title>\n<meta name=\"robots\" content=\"index, follow, max-snippet:-1, max-image-preview:large, max-video-preview:-1\" \/>\n<link rel=\"canonical\" href=\"https:\/\/www.cacabelos.org\/ayuntamiento\/patrimonio-arqueologico\/\" \/>\n<meta property=\"og:locale\" content=\"es_ES\" \/>\n<meta property=\"og:type\" content=\"article\" \/>\n<meta property=\"og:title\" content=\"Patrimonio arqueol\u00f3gico - Ayuntamiento de Cacabelos\" \/>\n<meta property=\"og:description\" content=\"Patrimonio arqueol\u00f3gico Los or\u00edgenes de Cacabelos Yacimiento arqueol\u00f3gico de Castro Ventosa El yacimiento arqueol\u00f3gico de Castro Ventosa se encuentra situado en el pueblo de Pieros (Municipio de Cacabelos) compartiendo territorio [&hellip;]\" \/>\n<meta property=\"og:url\" content=\"https:\/\/www.cacabelos.org\/ayuntamiento\/patrimonio-arqueologico\/\" \/>\n<meta property=\"og:site_name\" content=\"Ayuntamiento de Cacabelos\" \/>\n<meta property=\"article:publisher\" content=\"https:\/\/www.facebook.com\/aytocacabelos\" \/>\n<meta property=\"article:modified_time\" content=\"2023-10-03T07:52:07+00:00\" \/>\n<meta property=\"og:image\" content=\"https:\/\/www.cacabelos.org\/ayuntamiento\/wp-content\/uploads\/2023\/08\/castro-ventosa-1.jpg\" \/>\n<meta name=\"twitter:card\" content=\"summary_large_image\" \/>\n<meta name=\"twitter:site\" content=\"@aytocacabelos\" \/>\n<meta name=\"twitter:label1\" content=\"Tiempo de lectura\" \/>\n\t<meta name=\"twitter:data1\" content=\"6 minutos\" \/>\n<script type=\"application\/ld+json\" class=\"yoast-schema-graph\">{\"@context\":\"https:\/\/schema.org\",\"@graph\":[{\"@type\":\"WebPage\",\"@id\":\"https:\/\/www.cacabelos.org\/ayuntamiento\/patrimonio-arqueologico\/\",\"url\":\"https:\/\/www.cacabelos.org\/ayuntamiento\/patrimonio-arqueologico\/\",\"name\":\"Patrimonio arqueol\u00f3gico - Ayuntamiento de Cacabelos\",\"isPartOf\":{\"@id\":\"https:\/\/www.cacabelos.org\/ayuntamiento\/#website\"},\"datePublished\":\"2023-08-01T11:44:46+00:00\",\"dateModified\":\"2023-10-03T07:52:07+00:00\",\"breadcrumb\":{\"@id\":\"https:\/\/www.cacabelos.org\/ayuntamiento\/patrimonio-arqueologico\/#breadcrumb\"},\"inLanguage\":\"es\",\"potentialAction\":[{\"@type\":\"ReadAction\",\"target\":[\"https:\/\/www.cacabelos.org\/ayuntamiento\/patrimonio-arqueologico\/\"]}]},{\"@type\":\"BreadcrumbList\",\"@id\":\"https:\/\/www.cacabelos.org\/ayuntamiento\/patrimonio-arqueologico\/#breadcrumb\",\"itemListElement\":[{\"@type\":\"ListItem\",\"position\":1,\"name\":\"Portada\",\"item\":\"https:\/\/www.cacabelos.org\/ayuntamiento\/\"},{\"@type\":\"ListItem\",\"position\":2,\"name\":\"Patrimonio arqueol\u00f3gico\"}]},{\"@type\":\"WebSite\",\"@id\":\"https:\/\/www.cacabelos.org\/ayuntamiento\/#website\",\"url\":\"https:\/\/www.cacabelos.org\/ayuntamiento\/\",\"name\":\"Ayuntamiento de Cacabelos\",\"description\":\"Ayuntamiento de Cacabelos\",\"publisher\":{\"@id\":\"https:\/\/www.cacabelos.org\/ayuntamiento\/#organization\"},\"potentialAction\":[{\"@type\":\"SearchAction\",\"target\":{\"@type\":\"EntryPoint\",\"urlTemplate\":\"https:\/\/www.cacabelos.org\/ayuntamiento\/?s={search_term_string}\"},\"query-input\":\"required name=search_term_string\"}],\"inLanguage\":\"es\"},{\"@type\":\"Organization\",\"@id\":\"https:\/\/www.cacabelos.org\/ayuntamiento\/#organization\",\"name\":\"Ayuntamiento de Cacabelos\",\"url\":\"https:\/\/www.cacabelos.org\/ayuntamiento\/\",\"logo\":{\"@type\":\"ImageObject\",\"inLanguage\":\"es\",\"@id\":\"https:\/\/www.cacabelos.org\/ayuntamiento\/#\/schema\/logo\/image\/\",\"url\":\"https:\/\/www.cacabelos.org\/ayuntamiento\/wp-content\/uploads\/2023\/05\/Escudo_Cacabelos_sin-_fondo.png\",\"contentUrl\":\"https:\/\/www.cacabelos.org\/ayuntamiento\/wp-content\/uploads\/2023\/05\/Escudo_Cacabelos_sin-_fondo.png\",\"width\":907,\"height\":995,\"caption\":\"Ayuntamiento de Cacabelos\"},\"image\":{\"@id\":\"https:\/\/www.cacabelos.org\/ayuntamiento\/#\/schema\/logo\/image\/\"},\"sameAs\":[\"https:\/\/www.facebook.com\/aytocacabelos\",\"https:\/\/twitter.com\/aytocacabelos\",\"https:\/\/www.instagram.com\/ayuntamientocacabelos\/\"]}]}<\/script>\n<!-- \/ Yoast SEO plugin. -->","yoast_head_json":{"title":"Patrimonio arqueol\u00f3gico - Ayuntamiento de Cacabelos","robots":{"index":"index","follow":"follow","max-snippet":"max-snippet:-1","max-image-preview":"max-image-preview:large","max-video-preview":"max-video-preview:-1"},"canonical":"https:\/\/www.cacabelos.org\/ayuntamiento\/patrimonio-arqueologico\/","og_locale":"es_ES","og_type":"article","og_title":"Patrimonio arqueol\u00f3gico - Ayuntamiento de Cacabelos","og_description":"Patrimonio arqueol\u00f3gico Los or\u00edgenes de Cacabelos Yacimiento arqueol\u00f3gico de Castro Ventosa El yacimiento arqueol\u00f3gico de Castro Ventosa se encuentra situado en el pueblo de Pieros (Municipio de Cacabelos) compartiendo territorio [&hellip;]","og_url":"https:\/\/www.cacabelos.org\/ayuntamiento\/patrimonio-arqueologico\/","og_site_name":"Ayuntamiento de Cacabelos","article_publisher":"https:\/\/www.facebook.com\/aytocacabelos","article_modified_time":"2023-10-03T07:52:07+00:00","og_image":[{"url":"https:\/\/www.cacabelos.org\/ayuntamiento\/wp-content\/uploads\/2023\/08\/castro-ventosa-1.jpg"}],"twitter_card":"summary_large_image","twitter_site":"@aytocacabelos","twitter_misc":{"Tiempo de lectura":"6 minutos"},"schema":{"@context":"https:\/\/schema.org","@graph":[{"@type":"WebPage","@id":"https:\/\/www.cacabelos.org\/ayuntamiento\/patrimonio-arqueologico\/","url":"https:\/\/www.cacabelos.org\/ayuntamiento\/patrimonio-arqueologico\/","name":"Patrimonio arqueol\u00f3gico - Ayuntamiento de Cacabelos","isPartOf":{"@id":"https:\/\/www.cacabelos.org\/ayuntamiento\/#website"},"datePublished":"2023-08-01T11:44:46+00:00","dateModified":"2023-10-03T07:52:07+00:00","breadcrumb":{"@id":"https:\/\/www.cacabelos.org\/ayuntamiento\/patrimonio-arqueologico\/#breadcrumb"},"inLanguage":"es","potentialAction":[{"@type":"ReadAction","target":["https:\/\/www.cacabelos.org\/ayuntamiento\/patrimonio-arqueologico\/"]}]},{"@type":"BreadcrumbList","@id":"https:\/\/www.cacabelos.org\/ayuntamiento\/patrimonio-arqueologico\/#breadcrumb","itemListElement":[{"@type":"ListItem","position":1,"name":"Portada","item":"https:\/\/www.cacabelos.org\/ayuntamiento\/"},{"@type":"ListItem","position":2,"name":"Patrimonio arqueol\u00f3gico"}]},{"@type":"WebSite","@id":"https:\/\/www.cacabelos.org\/ayuntamiento\/#website","url":"https:\/\/www.cacabelos.org\/ayuntamiento\/","name":"Ayuntamiento de Cacabelos","description":"Ayuntamiento de Cacabelos","publisher":{"@id":"https:\/\/www.cacabelos.org\/ayuntamiento\/#organization"},"potentialAction":[{"@type":"SearchAction","target":{"@type":"EntryPoint","urlTemplate":"https:\/\/www.cacabelos.org\/ayuntamiento\/?s={search_term_string}"},"query-input":"required name=search_term_string"}],"inLanguage":"es"},{"@type":"Organization","@id":"https:\/\/www.cacabelos.org\/ayuntamiento\/#organization","name":"Ayuntamiento de Cacabelos","url":"https:\/\/www.cacabelos.org\/ayuntamiento\/","logo":{"@type":"ImageObject","inLanguage":"es","@id":"https:\/\/www.cacabelos.org\/ayuntamiento\/#\/schema\/logo\/image\/","url":"https:\/\/www.cacabelos.org\/ayuntamiento\/wp-content\/uploads\/2023\/05\/Escudo_Cacabelos_sin-_fondo.png","contentUrl":"https:\/\/www.cacabelos.org\/ayuntamiento\/wp-content\/uploads\/2023\/05\/Escudo_Cacabelos_sin-_fondo.png","width":907,"height":995,"caption":"Ayuntamiento de Cacabelos"},"image":{"@id":"https:\/\/www.cacabelos.org\/ayuntamiento\/#\/schema\/logo\/image\/"},"sameAs":["https:\/\/www.facebook.com\/aytocacabelos","https:\/\/twitter.com\/aytocacabelos","https:\/\/www.instagram.com\/ayuntamientocacabelos\/"]}]}},"_links":{"self":[{"href":"https:\/\/www.cacabelos.org\/ayuntamiento\/wp-json\/wp\/v2\/pages\/4086","targetHints":{"allow":["GET"]}}],"collection":[{"href":"https:\/\/www.cacabelos.org\/ayuntamiento\/wp-json\/wp\/v2\/pages"}],"about":[{"href":"https:\/\/www.cacabelos.org\/ayuntamiento\/wp-json\/wp\/v2\/types\/page"}],"author":[{"embeddable":true,"href":"https:\/\/www.cacabelos.org\/ayuntamiento\/wp-json\/wp\/v2\/users\/1"}],"replies":[{"embeddable":true,"href":"https:\/\/www.cacabelos.org\/ayuntamiento\/wp-json\/wp\/v2\/comments?post=4086"}],"version-history":[{"count":25,"href":"https:\/\/www.cacabelos.org\/ayuntamiento\/wp-json\/wp\/v2\/pages\/4086\/revisions"}],"predecessor-version":[{"id":5257,"href":"https:\/\/www.cacabelos.org\/ayuntamiento\/wp-json\/wp\/v2\/pages\/4086\/revisions\/5257"}],"wp:attachment":[{"href":"https:\/\/www.cacabelos.org\/ayuntamiento\/wp-json\/wp\/v2\/media?parent=4086"}],"curies":[{"name":"wp","href":"https:\/\/api.w.org\/{rel}","templated":true}]}}